{"id":14246,"date":"2023-07-13T18:29:55","date_gmt":"2023-07-13T18:29:55","guid":{"rendered":"https:\/\/pbfsee.rs\/?page_id=14246"},"modified":"2024-10-20T16:12:18","modified_gmt":"2024-10-20T16:12:18","slug":"museums-and-galleries","status":"publish","type":"page","link":"https:\/\/koto.rs\/en\/museums-and-galleries\/","title":{"rendered":"Museums and Galleries"},"content":{"rendered":"<div data-elementor-type=\"wp-page\" data-elementor-id=\"14246\" class=\"elementor elementor-14246\" data-elementor-post-type=\"page\">\n\t\t\t\t\t\t\t\t\t<section class=\"elementor-section elementor-top-section elementor-element elementor-element-7331215 elementor-section-full_width elementor-section-height-default elementor-section-height-default qodef-elementor-content-no\" data-id=\"7331215\" data-element_type=\"section\">\n\t\t\t\t\t\t<div class=\"elementor-container elementor-column-gap-default\">\n\t\t\t\t\t<div class=\"elementor-column elementor-col-100 elementor-top-column elementor-element elementor-element-a510e21\" data-id=\"a510e21\" data-element_type=\"column\">\n\t\t\t<div class=\"elementor-widget-wrap elementor-element-populated\">\n\t\t\t\t\t\t\t\t<div class=\"elementor-element elementor-element-046f94b elementor-widget elementor-widget-archicon_core_interactive_portfolio_showcase\" data-id=\"046f94b\" data-element_type=\"widget\" data-widget_type=\"archicon_core_interactive_portfolio_showcase.default\">\n\t\t\t\t<div class=\"elementor-widget-container\">\n\t\t\t<div class=\"qodef-shortcode qodef-m  qodef-interactive-portfolio-showcase qodef-item-layout--info-on-hover qodef-border-inside-header--enabled qodef-grid qodef-layout--interactive-portfolio-showcase    qodef-item-layout--info-on-hover qodef-responsive--predefined\">\n\t<div class=\"qodef-e-image-holder-outer\">\n\t\t<div class=\"qodef-e-image-holder\">\n\t\t\t\t<div class=\"qodef-e-media-image\">\n\t\t<a itemprop=\"url\" href=\"https:\/\/koto.rs\/en\/portfolio\/museum-of-contemporary-art-belgrade\/\" target=\"_self\">\n\t\t\t<img fetchpriority=\"high\" decoding=\"async\" width=\"2560\" height=\"1707\" src=\"https:\/\/koto.rs\/wp-content\/uploads\/2023\/07\/1-MSU-1-scaled.jpg\" class=\"attachment-full size-full wp-post-image\" alt=\"\" srcset=\"https:\/\/koto.rs\/wp-content\/uploads\/2023\/07\/1-MSU-1-scaled.jpg 2560w, https:\/\/koto.rs\/wp-content\/uploads\/2023\/07\/1-MSU-1-300x200.jpg 300w, https:\/\/koto.rs\/wp-content\/uploads\/2023\/07\/1-MSU-1-1024x683.jpg 1024w, https:\/\/koto.rs\/wp-content\/uploads\/2023\/07\/1-MSU-1-768x512.jpg 768w, https:\/\/koto.rs\/wp-content\/uploads\/2023\/07\/1-MSU-1-1536x1024.jpg 1536w, https:\/\/koto.rs\/wp-content\/uploads\/2023\/07\/1-MSU-1-2048x1365.jpg 2048w, https:\/\/koto.rs\/wp-content\/uploads\/2023\/07\/1-MSU-1-600x400.jpg 600w\" sizes=\"(max-width: 2560px) 100vw, 2560px\" \/>\t\t<\/a>\n\t<\/div>\n\t<div class=\"qodef-e-media-image\">\n\t\t<a itemprop=\"url\" href=\"https:\/\/koto.rs\/en\/portfolio\/belgrade-national-museum\/\" target=\"_self\">\n\t\t\t<img decoding=\"async\" width=\"2560\" height=\"1709\" src=\"https:\/\/koto.rs\/wp-content\/uploads\/2023\/07\/MUZEJ-NOV-2021-1-scaled.jpg\" class=\"attachment-full size-full wp-post-image\" alt=\"\" srcset=\"https:\/\/koto.rs\/wp-content\/uploads\/2023\/07\/MUZEJ-NOV-2021-1-scaled.jpg 2560w, https:\/\/koto.rs\/wp-content\/uploads\/2023\/07\/MUZEJ-NOV-2021-1-300x200.jpg 300w, https:\/\/koto.rs\/wp-content\/uploads\/2023\/07\/MUZEJ-NOV-2021-1-1024x684.jpg 1024w, https:\/\/koto.rs\/wp-content\/uploads\/2023\/07\/MUZEJ-NOV-2021-1-768x513.jpg 768w, https:\/\/koto.rs\/wp-content\/uploads\/2023\/07\/MUZEJ-NOV-2021-1-1536x1025.jpg 1536w, https:\/\/koto.rs\/wp-content\/uploads\/2023\/07\/MUZEJ-NOV-2021-1-2048x1367.jpg 2048w, https:\/\/koto.rs\/wp-content\/uploads\/2023\/07\/MUZEJ-NOV-2021-1-600x401.jpg 600w\" sizes=\"(max-width: 2560px) 100vw, 2560px\" \/>\t\t<\/a>\n\t<\/div>\n\t<div class=\"qodef-e-media-image\">\n\t\t<a itemprop=\"url\" href=\"https:\/\/koto.rs\/en\/portfolio\/museum-of-wolf-and-dossiteja-belgrade\/\" target=\"_self\">\n\t\t\t<img decoding=\"async\" width=\"2560\" height=\"1920\" src=\"https:\/\/koto.rs\/wp-content\/uploads\/2023\/08\/Muzej-Vuka-i-Dositeja-scaled.jpg\" class=\"attachment-full size-full wp-post-image\" alt=\"\" srcset=\"https:\/\/koto.rs\/wp-content\/uploads\/2023\/08\/Muzej-Vuka-i-Dositeja-scaled.jpg 2560w, https:\/\/koto.rs\/wp-content\/uploads\/2023\/08\/Muzej-Vuka-i-Dositeja-300x225.jpg 300w, https:\/\/koto.rs\/wp-content\/uploads\/2023\/08\/Muzej-Vuka-i-Dositeja-1024x768.jpg 1024w, https:\/\/koto.rs\/wp-content\/uploads\/2023\/08\/Muzej-Vuka-i-Dositeja-768x576.jpg 768w, https:\/\/koto.rs\/wp-content\/uploads\/2023\/08\/Muzej-Vuka-i-Dositeja-1536x1152.jpg 1536w, https:\/\/koto.rs\/wp-content\/uploads\/2023\/08\/Muzej-Vuka-i-Dositeja-2048x1536.jpg 2048w, https:\/\/koto.rs\/wp-content\/uploads\/2023\/08\/Muzej-Vuka-i-Dositeja-600x450.jpg 600w\" sizes=\"(max-width: 2560px) 100vw, 2560px\" \/>\t\t<\/a>\n\t<\/div>\n\t<div class=\"qodef-e-media-image\">\n\t\t<a itemprop=\"url\" href=\"https:\/\/koto.rs\/en\/portfolio\/sarajevo-earth-museum\/\" target=\"_self\">\n\t\t\t<img loading=\"lazy\" decoding=\"async\" width=\"2560\" height=\"1707\" src=\"https:\/\/koto.rs\/wp-content\/uploads\/2023\/08\/DSC07599-scaled.jpg\" class=\"attachment-full size-full wp-post-image\" alt=\"\" srcset=\"https:\/\/koto.rs\/wp-content\/uploads\/2023\/08\/DSC07599-scaled.jpg 2560w, https:\/\/koto.rs\/wp-content\/uploads\/2023\/08\/DSC07599-300x200.jpg 300w, https:\/\/koto.rs\/wp-content\/uploads\/2023\/08\/DSC07599-1024x683.jpg 1024w, https:\/\/koto.rs\/wp-content\/uploads\/2023\/08\/DSC07599-768x512.jpg 768w, https:\/\/koto.rs\/wp-content\/uploads\/2023\/08\/DSC07599-1536x1024.jpg 1536w, https:\/\/koto.rs\/wp-content\/uploads\/2023\/08\/DSC07599-2048x1365.jpg 2048w, https:\/\/koto.rs\/wp-content\/uploads\/2023\/08\/DSC07599-600x400.jpg 600w\" sizes=\"(max-width: 2560px) 100vw, 2560px\" \/>\t\t<\/a>\n\t<\/div>\n\t<div class=\"qodef-e-media-image\">\n\t\t<a itemprop=\"url\" href=\"https:\/\/koto.rs\/en\/portfolio\/prison-in-kotor\/\" target=\"_self\">\n\t\t\t<img loading=\"lazy\" decoding=\"async\" width=\"1000\" height=\"1500\" src=\"https:\/\/koto.rs\/wp-content\/uploads\/2023\/08\/photo-Milena-Bajceta-DSC04182.jpg\" class=\"attachment-full size-full wp-post-image\" alt=\"\" srcset=\"https:\/\/koto.rs\/wp-content\/uploads\/2023\/08\/photo-Milena-Bajceta-DSC04182.jpg 1000w, https:\/\/koto.rs\/wp-content\/uploads\/2023\/08\/photo-Milena-Bajceta-DSC04182-200x300.jpg 200w, https:\/\/koto.rs\/wp-content\/uploads\/2023\/08\/photo-Milena-Bajceta-DSC04182-683x1024.jpg 683w, https:\/\/koto.rs\/wp-content\/uploads\/2023\/08\/photo-Milena-Bajceta-DSC04182-768x1152.jpg 768w, https:\/\/koto.rs\/wp-content\/uploads\/2023\/08\/photo-Milena-Bajceta-DSC04182-600x900.jpg 600w\" sizes=\"(max-width: 1000px) 100vw, 1000px\" \/>\t\t<\/a>\n\t<\/div>\n\t<div class=\"qodef-e-media-image\">\n\t\t<a itemprop=\"url\" href=\"https:\/\/koto.rs\/en\/portfolio\/pancevo-national-museum\/\" target=\"_self\">\n\t\t\t<img loading=\"lazy\" decoding=\"async\" width=\"2347\" height=\"2560\" src=\"https:\/\/koto.rs\/wp-content\/uploads\/2023\/08\/Untitled_Panorama1-scaled.jpg\" class=\"attachment-full size-full wp-post-image\" alt=\"\" srcset=\"https:\/\/koto.rs\/wp-content\/uploads\/2023\/08\/Untitled_Panorama1-scaled.jpg 2347w, https:\/\/koto.rs\/wp-content\/uploads\/2023\/08\/Untitled_Panorama1-275x300.jpg 275w, https:\/\/koto.rs\/wp-content\/uploads\/2023\/08\/Untitled_Panorama1-939x1024.jpg 939w, https:\/\/koto.rs\/wp-content\/uploads\/2023\/08\/Untitled_Panorama1-768x838.jpg 768w, https:\/\/koto.rs\/wp-content\/uploads\/2023\/08\/Untitled_Panorama1-1408x1536.jpg 1408w, https:\/\/koto.rs\/wp-content\/uploads\/2023\/08\/Untitled_Panorama1-1878x2048.jpg 1878w, https:\/\/koto.rs\/wp-content\/uploads\/2023\/08\/Untitled_Panorama1-600x654.jpg 600w\" sizes=\"(max-width: 2347px) 100vw, 2347px\" \/>\t\t<\/a>\n\t<\/div>\n\t<div class=\"qodef-e-media-image\">\n\t\t<a itemprop=\"url\" href=\"https:\/\/koto.rs\/en\/portfolio\/nebojs-tower-museum-belgrade\/\" target=\"_self\">\n\t\t\t<img loading=\"lazy\" decoding=\"async\" width=\"961\" height=\"598\" src=\"https:\/\/koto.rs\/wp-content\/uploads\/2023\/08\/2-2.jpg\" class=\"attachment-full size-full wp-post-image\" alt=\"\" srcset=\"https:\/\/koto.rs\/wp-content\/uploads\/2023\/08\/2-2.jpg 961w, https:\/\/koto.rs\/wp-content\/uploads\/2023\/08\/2-2-300x187.jpg 300w, https:\/\/koto.rs\/wp-content\/uploads\/2023\/08\/2-2-768x478.jpg 768w, https:\/\/koto.rs\/wp-content\/uploads\/2023\/08\/2-2-600x373.jpg 600w\" sizes=\"(max-width: 961px) 100vw, 961px\" \/>\t\t<\/a>\n\t<\/div>\n\t<div class=\"qodef-e-media-image\">\n\t\t<a itemprop=\"url\" href=\"https:\/\/koto.rs\/en\/portfolio\/clock-museum-and-the-baroque-gate-of-the-belgrade-fortress\/\" target=\"_self\">\n\t\t\t<img loading=\"lazy\" decoding=\"async\" width=\"1200\" height=\"1600\" src=\"https:\/\/koto.rs\/wp-content\/uploads\/2023\/09\/37b.jpg\" class=\"attachment-full size-full wp-post-image\" alt=\"\" srcset=\"https:\/\/koto.rs\/wp-content\/uploads\/2023\/09\/37b.jpg 1200w, https:\/\/koto.rs\/wp-content\/uploads\/2023\/09\/37b-225x300.jpg 225w, https:\/\/koto.rs\/wp-content\/uploads\/2023\/09\/37b-768x1024.jpg 768w, https:\/\/koto.rs\/wp-content\/uploads\/2023\/09\/37b-1152x1536.jpg 1152w, https:\/\/koto.rs\/wp-content\/uploads\/2023\/09\/37b-600x800.jpg 600w\" sizes=\"(max-width: 1200px) 100vw, 1200px\" \/>\t\t<\/a>\n\t<\/div>\n\t<div class=\"qodef-e-media-image\">\n\t\t<a itemprop=\"url\" href=\"https:\/\/koto.rs\/en\/portfolio\/museum-of-nadezda-and-rastka-petrovica\/\" target=\"_self\">\n\t\t\t<img loading=\"lazy\" decoding=\"async\" width=\"2560\" height=\"1920\" src=\"https:\/\/koto.rs\/wp-content\/uploads\/2024\/06\/muzejrinp-scaled.jpg\" class=\"attachment-full size-full wp-post-image\" alt=\"\" srcset=\"https:\/\/koto.rs\/wp-content\/uploads\/2024\/06\/muzejrinp-scaled.jpg 2560w, https:\/\/koto.rs\/wp-content\/uploads\/2024\/06\/muzejrinp-300x225.jpg 300w, https:\/\/koto.rs\/wp-content\/uploads\/2024\/06\/muzejrinp-1024x768.jpg 1024w, https:\/\/koto.rs\/wp-content\/uploads\/2024\/06\/muzejrinp-768x576.jpg 768w, https:\/\/koto.rs\/wp-content\/uploads\/2024\/06\/muzejrinp-1536x1152.jpg 1536w, https:\/\/koto.rs\/wp-content\/uploads\/2024\/06\/muzejrinp-2048x1536.jpg 2048w, https:\/\/koto.rs\/wp-content\/uploads\/2024\/06\/muzejrinp-16x12.jpg 16w, https:\/\/koto.rs\/wp-content\/uploads\/2024\/06\/muzejrinp-600x450.jpg 600w\" sizes=\"(max-width: 2560px) 100vw, 2560px\" \/>\t\t<\/a>\n\t<\/div>\n\t\t<\/div>\n\t<\/div>\n\t<div class=\"qodef-info-holder\">\n\t\t<div class=\"qodef-e-info--top\">\n\t\t\t\t<h2 class=\"qodef-e-info-text\">\n\t\t<span class=\"qodef-text-item\">Museums<\/span> <span class=\"qodef-text-item qodef--highlight\">and<\/span> <span class=\"qodef-text-item\">Galleries\n<\/span>\t<\/h2>\n\t\t\t<\/div>\n\t\t<div class=\"qodef-e-info-list\">\n\t<div class=\"qodef-e-info-heading-row\">\n\t\t\t<h6 class=\"qodef-e-item qodef-e-item-title\">\n\t\tThe project\t<\/h6>\n\t<h6 class=\"qodef-e-item qodef-e-item-area\">\n\t\tLocation\t<\/h6>\n\t<h6 class=\"qodef-e-item qodef-e-item-year\">\n\t\tYear\t<\/h6>\n\t<\/div>\n\t<div class=\"qodef-e-info-content\">\n\t\t<article class=\"qodef-e qodef-grid-item  post-14146 portfolio-item type-portfolio-item status-publish has-post-thumbnail hentry portfolio-category-muzeji-i-galerije\">\n\t<div class=\"qodef-e-inner\">\n\t\t<div class=\"qodef-e-content\">\n\t\t\t<h4 itemprop=\"name\" class=\"qodef-e-title entry-title\" >\n\t<svg class=\"qodef-svg--portfolio-arrow\" xmlns=\"http:\/\/www.w3.org\/2000\/svg\" width=\"15.117\" height=\"12.372\" viewbox=\"0 0 15.117 12.372\"><g transform=\"translate(-0.001 0.53)\"><line x2=\"13.829\" transform=\"translate(0.001 5.604)\" \/><path d=\"M579.5,677.139l5.656,5.656L579.5,688.45\" transform=\"translate(-571.098 -677.139)\" \/><\/g><\/svg>\t<a itemprop=\"url\" class=\"qodef-e-title-link\" href=\"https:\/\/koto.rs\/en\/portfolio\/museum-of-contemporary-art-belgrade\/\" target=\"_self\">\n\t\tMuseum of Contemporary Art (MSU)\t<\/a>\n<\/h4>\n\t<div class=\"qodef-e-info-area\">\n\t\t\t<span class=\"qodef-e-info-location\">\n\t\t\t\t\tBelgrade, SERBIA\t\t\t<\/span>\n\t<\/div>\n\t<h5 class=\"qodef-e-info-year\">2016-2017 <\/h5>\n\t\t<\/div>\n\t<\/div>\n<\/article>\n<article class=\"qodef-e qodef-grid-item  post-14241 portfolio-item type-portfolio-item status-publish has-post-thumbnail hentry portfolio-category-muzeji-i-galerije\">\n\t<div class=\"qodef-e-inner\">\n\t\t<div class=\"qodef-e-content\">\n\t\t\t<h4 itemprop=\"name\" class=\"qodef-e-title entry-title\" >\n\t<svg class=\"qodef-svg--portfolio-arrow\" xmlns=\"http:\/\/www.w3.org\/2000\/svg\" width=\"15.117\" height=\"12.372\" viewbox=\"0 0 15.117 12.372\"><g transform=\"translate(-0.001 0.53)\"><line x2=\"13.829\" transform=\"translate(0.001 5.604)\" \/><path d=\"M579.5,677.139l5.656,5.656L579.5,688.45\" transform=\"translate(-571.098 -677.139)\" \/><\/g><\/svg>\t<a itemprop=\"url\" class=\"qodef-e-title-link\" href=\"https:\/\/koto.rs\/en\/portfolio\/belgrade-national-museum\/\" target=\"_self\">\n\t\tThe National Museum in Belgrade\t<\/a>\n<\/h4>\n\t<div class=\"qodef-e-info-area\">\n\t\t\t<span class=\"qodef-e-info-location\">\n\t\t\t\t\tBelgrade, SERBIA\t\t\t<\/span>\n\t<\/div>\n\t<h5 class=\"qodef-e-info-year\">2014-2015 \/ 2016-2018 <\/h5>\n\t\t<\/div>\n\t<\/div>\n<\/article>\n<article class=\"qodef-e qodef-grid-item  post-14917 portfolio-item type-portfolio-item status-publish has-post-thumbnail hentry portfolio-category-muzeji-i-galerije\">\n\t<div class=\"qodef-e-inner\">\n\t\t<div class=\"qodef-e-content\">\n\t\t\t<h4 itemprop=\"name\" class=\"qodef-e-title entry-title\" >\n\t<svg class=\"qodef-svg--portfolio-arrow\" xmlns=\"http:\/\/www.w3.org\/2000\/svg\" width=\"15.117\" height=\"12.372\" viewbox=\"0 0 15.117 12.372\"><g transform=\"translate(-0.001 0.53)\"><line x2=\"13.829\" transform=\"translate(0.001 5.604)\" \/><path d=\"M579.5,677.139l5.656,5.656L579.5,688.45\" transform=\"translate(-571.098 -677.139)\" \/><\/g><\/svg>\t<a itemprop=\"url\" class=\"qodef-e-title-link\" href=\"https:\/\/koto.rs\/en\/portfolio\/museum-of-wolf-and-dossiteja-belgrade\/\" target=\"_self\">\n\t\tMuseum of Vuk and Dositej\t<\/a>\n<\/h4>\n\t<div class=\"qodef-e-info-area\">\n\t\t\t<span class=\"qodef-e-info-location\">\n\t\t\t\t\tBelgrade, SERBIA\t\t\t<\/span>\n\t<\/div>\n\t<h5 class=\"qodef-e-info-year\">2011-2014 <\/h5>\n\t\t<\/div>\n\t<\/div>\n<\/article>\n<article class=\"qodef-e qodef-grid-item  post-14929 portfolio-item type-portfolio-item status-publish has-post-thumbnail hentry portfolio-category-muzeji-i-galerije\">\n\t<div class=\"qodef-e-inner\">\n\t\t<div class=\"qodef-e-content\">\n\t\t\t<h4 itemprop=\"name\" class=\"qodef-e-title entry-title\" >\n\t<svg class=\"qodef-svg--portfolio-arrow\" xmlns=\"http:\/\/www.w3.org\/2000\/svg\" width=\"15.117\" height=\"12.372\" viewbox=\"0 0 15.117 12.372\"><g transform=\"translate(-0.001 0.53)\"><line x2=\"13.829\" transform=\"translate(0.001 5.604)\" \/><path d=\"M579.5,677.139l5.656,5.656L579.5,688.45\" transform=\"translate(-571.098 -677.139)\" \/><\/g><\/svg>\t<a itemprop=\"url\" class=\"qodef-e-title-link\" href=\"https:\/\/koto.rs\/en\/portfolio\/sarajevo-earth-museum\/\" target=\"_self\">\n\t\tNATIONAL MUSEUM\t<\/a>\n<\/h4>\n\t<div class=\"qodef-e-info-area\">\n\t\t\t<span class=\"qodef-e-info-location\">\n\t\t\t\t\tSarajevo, BOSNIA AND HERZEGOVINA\t\t\t<\/span>\n\t<\/div>\n\t<h5 class=\"qodef-e-info-year\">2018-2019 <\/h5>\n\t\t<\/div>\n\t<\/div>\n<\/article>\n<article class=\"qodef-e qodef-grid-item  post-14936 portfolio-item type-portfolio-item status-publish has-post-thumbnail hentry portfolio-category-muzeji-i-galerije\">\n\t<div class=\"qodef-e-inner\">\n\t\t<div class=\"qodef-e-content\">\n\t\t\t<h4 itemprop=\"name\" class=\"qodef-e-title entry-title\" >\n\t<svg class=\"qodef-svg--portfolio-arrow\" xmlns=\"http:\/\/www.w3.org\/2000\/svg\" width=\"15.117\" height=\"12.372\" viewbox=\"0 0 15.117 12.372\"><g transform=\"translate(-0.001 0.53)\"><line x2=\"13.829\" transform=\"translate(0.001 5.604)\" \/><path d=\"M579.5,677.139l5.656,5.656L579.5,688.45\" transform=\"translate(-571.098 -677.139)\" \/><\/g><\/svg>\t<a itemprop=\"url\" class=\"qodef-e-title-link\" href=\"https:\/\/koto.rs\/en\/portfolio\/prison-in-kotor\/\" target=\"_self\">\n\t\tPrison in Kotor\t<\/a>\n<\/h4>\n\t<div class=\"qodef-e-info-area\">\n\t\t\t<span class=\"qodef-e-info-location\">\n\t\t\t\t\tKotor, MONTENEGRO\t\t\t<\/span>\n\t<\/div>\n\t<h5 class=\"qodef-e-info-year\">2020-2021 <\/h5>\n\t\t<\/div>\n\t<\/div>\n<\/article>\n<article class=\"qodef-e qodef-grid-item  post-14941 portfolio-item type-portfolio-item status-publish has-post-thumbnail hentry portfolio-category-muzeji-i-galerije\">\n\t<div class=\"qodef-e-inner\">\n\t\t<div class=\"qodef-e-content\">\n\t\t\t<h4 itemprop=\"name\" class=\"qodef-e-title entry-title\" >\n\t<svg class=\"qodef-svg--portfolio-arrow\" xmlns=\"http:\/\/www.w3.org\/2000\/svg\" width=\"15.117\" height=\"12.372\" viewbox=\"0 0 15.117 12.372\"><g transform=\"translate(-0.001 0.53)\"><line x2=\"13.829\" transform=\"translate(0.001 5.604)\" \/><path d=\"M579.5,677.139l5.656,5.656L579.5,688.45\" transform=\"translate(-571.098 -677.139)\" \/><\/g><\/svg>\t<a itemprop=\"url\" class=\"qodef-e-title-link\" href=\"https:\/\/koto.rs\/en\/portfolio\/pancevo-national-museum\/\" target=\"_self\">\n\t\tNational Museum Pan\u010devo\t<\/a>\n<\/h4>\n\t<div class=\"qodef-e-info-area\">\n\t\t\t<span class=\"qodef-e-info-location\">\n\t\t\t\t\tPan\u010devo, SERBIA\t\t\t<\/span>\n\t<\/div>\n\t<h5 class=\"qodef-e-info-year\">2014-2015 <\/h5>\n\t\t<\/div>\n\t<\/div>\n<\/article>\n<article class=\"qodef-e qodef-grid-item  post-14949 portfolio-item type-portfolio-item status-publish has-post-thumbnail hentry portfolio-category-muzeji-i-galerije\">\n\t<div class=\"qodef-e-inner\">\n\t\t<div class=\"qodef-e-content\">\n\t\t\t<h4 itemprop=\"name\" class=\"qodef-e-title entry-title\" >\n\t<svg class=\"qodef-svg--portfolio-arrow\" xmlns=\"http:\/\/www.w3.org\/2000\/svg\" width=\"15.117\" height=\"12.372\" viewbox=\"0 0 15.117 12.372\"><g transform=\"translate(-0.001 0.53)\"><line x2=\"13.829\" transform=\"translate(0.001 5.604)\" \/><path d=\"M579.5,677.139l5.656,5.656L579.5,688.45\" transform=\"translate(-571.098 -677.139)\" \/><\/g><\/svg>\t<a itemprop=\"url\" class=\"qodef-e-title-link\" href=\"https:\/\/koto.rs\/en\/portfolio\/nebojs-tower-museum-belgrade\/\" target=\"_self\">\n\t\tMuseum Tower Neboj\u0161a\t<\/a>\n<\/h4>\n\t<div class=\"qodef-e-info-area\">\n\t\t\t<span class=\"qodef-e-info-location\">\n\t\t\t\t\tBelgrade, SERBIA\t\t\t<\/span>\n\t<\/div>\n\t<h5 class=\"qodef-e-info-year\">2007-2010 <\/h5>\n\t\t<\/div>\n\t<\/div>\n<\/article>\n<article class=\"qodef-e qodef-grid-item  post-15699 portfolio-item type-portfolio-item status-publish has-post-thumbnail hentry portfolio-category-muzeji-i-galerije portfolio-category-objekti-kulturnog-nasledja\">\n\t<div class=\"qodef-e-inner\">\n\t\t<div class=\"qodef-e-content\">\n\t\t\t<h4 itemprop=\"name\" class=\"qodef-e-title entry-title\" >\n\t<svg class=\"qodef-svg--portfolio-arrow\" xmlns=\"http:\/\/www.w3.org\/2000\/svg\" width=\"15.117\" height=\"12.372\" viewbox=\"0 0 15.117 12.372\"><g transform=\"translate(-0.001 0.53)\"><line x2=\"13.829\" transform=\"translate(0.001 5.604)\" \/><path d=\"M579.5,677.139l5.656,5.656L579.5,688.45\" transform=\"translate(-571.098 -677.139)\" \/><\/g><\/svg>\t<a itemprop=\"url\" class=\"qodef-e-title-link\" href=\"https:\/\/koto.rs\/en\/portfolio\/clock-museum-and-the-baroque-gate-of-the-belgrade-fortress\/\" target=\"_self\">\n\t\tThe Complex of the Clock Tower and Baroque Gate, Belgrade Fortress\t<\/a>\n<\/h4>\n\t<div class=\"qodef-e-info-area\">\n\t\t\t<span class=\"qodef-e-info-location\">\n\t\t\t\t\tBelgrade, SERBIA\t\t\t<\/span>\n\t<\/div>\n\t<h5 class=\"qodef-e-info-year\">2019-2020 <\/h5>\n\t\t<\/div>\n\t<\/div>\n<\/article>\n<article class=\"qodef-e qodef-grid-item  post-16638 portfolio-item type-portfolio-item status-publish has-post-thumbnail hentry portfolio-category-muzeji-i-galerije\">\n\t<div class=\"qodef-e-inner\">\n\t\t<div class=\"qodef-e-content\">\n\t\t\t<h4 itemprop=\"name\" class=\"qodef-e-title entry-title\" >\n\t<svg class=\"qodef-svg--portfolio-arrow\" xmlns=\"http:\/\/www.w3.org\/2000\/svg\" width=\"15.117\" height=\"12.372\" viewbox=\"0 0 15.117 12.372\"><g transform=\"translate(-0.001 0.53)\"><line x2=\"13.829\" transform=\"translate(0.001 5.604)\" \/><path d=\"M579.5,677.139l5.656,5.656L579.5,688.45\" transform=\"translate(-571.098 -677.139)\" \/><\/g><\/svg>\t<a itemprop=\"url\" class=\"qodef-e-title-link\" href=\"https:\/\/koto.rs\/en\/portfolio\/museum-of-nadezda-and-rastka-petrovica\/\" target=\"_self\">\n\t\tNade\u017eda and Rastko Petrovi\u0107 Memorial Museum\t<\/a>\n<\/h4>\n\t<div class=\"qodef-e-info-area\">\n\t\t\t<span class=\"qodef-e-info-location\">\n\t\t\t\t\tBelgrade, SERBIA\t\t\t<\/span>\n\t<\/div>\n\t<h5 class=\"qodef-e-info-year\">2023-2024 <\/h5>\n\t\t<\/div>\n\t<\/div>\n<\/article>\n\t<\/div>\n<\/div>\n\t<\/div>\n<\/div>\n\t\t<\/div>\n\t\t\t\t<\/div>\n\t\t\t\t\t<\/div>\n\t\t<\/div>\n\t\t\t\t\t\t\t<\/div>\n\t\t<\/section>\n\t\t\t\t\t\t\t<\/div>","protected":false},"excerpt":{"rendered":"<p>Museums and Galleries Project Location Year MSU Belgrade, SERBIA 2016-2017 National Museum Belgrade, SERBIA 2014-2015 \/ 2016-2018 WOLF AND DOSITEJA Museum Belgrade, SERBIA 2011-2014 FRESKA GALLERY Belgrade, SERBIA 2015-2016 NATIONAL MUSEUM Sarajevo, BOSNIA AND HERZEGOVINA 2018-2019 Prison in Kotor Kotor, MONTENEGRO 2020-2021 National Museum Pan\u010devo Pan\u010devo, SERBIA 2014-2015 NEBOJ\u0160A Tower Museum Belgrade, SERBIA 2007-2010 [\u2026]<\/p>","protected":false},"author":1,"featured_media":0,"parent":0,"menu_order":0,"comment_status":"closed","ping_status":"closed","template":"page-full-width.php","meta":{"footnotes":""},"class_list":["post-14246","page","type-page","status-publish","hentry"],"_links":{"self":[{"href":"https:\/\/koto.rs\/en\/wp-json\/wp\/v2\/pages\/14246","targetHints":{"allow":["GET"]}}],"collection":[{"href":"https:\/\/koto.rs\/en\/wp-json\/wp\/v2\/pages"}],"about":[{"href":"https:\/\/koto.rs\/en\/wp-json\/wp\/v2\/types\/page"}],"author":[{"embeddable":true,"href":"https:\/\/koto.rs\/en\/wp-json\/wp\/v2\/users\/1"}],"replies":[{"embeddable":true,"href":"https:\/\/koto.rs\/en\/wp-json\/wp\/v2\/comments?post=14246"}],"version-history":[{"count":16,"href":"https:\/\/koto.rs\/en\/wp-json\/wp\/v2\/pages\/14246\/revisions"}],"predecessor-version":[{"id":16728,"href":"https:\/\/koto.rs\/en\/wp-json\/wp\/v2\/pages\/14246\/revisions\/16728"}],"wp:attachment":[{"href":"https:\/\/koto.rs\/en\/wp-json\/wp\/v2\/media?parent=14246"}],"curies":[{"name":"wp","href":"https:\/\/api.w.org\/{rel}","templated":true}]}}